{"id":110,"date":"2015-09-03T17:58:41","date_gmt":"2015-09-03T15:58:41","guid":{"rendered":"http:\/\/karlsenfoto.no\/?page_id=110"},"modified":"2021-06-17T19:09:35","modified_gmt":"2021-06-17T17:09:35","slug":"konserter","status":"publish","type":"page","link":"https:\/\/karlsenfoto.no\/?page_id=110","title":{"rendered":"Konserter"},"content":{"rendered":"<figure id=\"attachment_1095\" aria-describedby=\"caption-attachment-1095\" style=\"width: 362px\" class=\"wp-caption aligncenter\"><a href=\"https:\/\/karlsenfoto.no\/wp-content\/uploads\/2015\/09\/charlotte-audestad-Ikke-gi-d\u00e6-no-2015-04-16.jpg\" rel=\"attachment wp-att-1095\"><img loading=\"lazy\" decoding=\"async\" class=\"wp-image-1095\" title=\"Artisten Charlotte Audestad med singelen: Ikke gi d\u00e6 no, en hyllest til skil\u00f8peren Marit Bj\u00f8rgen april 2015.  Foto: Thomas Karlsen, Karlsen Foto. Montasje: Charlotte Audestad\" src=\"https:\/\/karlsenfoto.no\/wp-content\/uploads\/2015\/09\/charlotte-audestad-Ikke-gi-d\u00e6-no-2015-04-16.jpg\" alt=\"Artisten Charlotte Audestad med singelen: Ikke gi d\u00e6 no, en hyllest til skil\u00f8peren Marit Bj\u00f8rgen april 2015.  Foto: Thomas Karlsen, Karlsen Foto. Montasje: Charlotte Audestad\" width=\"362\" height=\"212\" srcset=\"https:\/\/karlsenfoto.no\/wp-content\/uploads\/2015\/09\/charlotte-audestad-Ikke-gi-d\u00e6-no-2015-04-16.jpg 550w, https:\/\/karlsenfoto.no\/wp-content\/uploads\/2015\/09\/charlotte-audestad-Ikke-gi-d\u00e6-no-2015-04-16-300x175.jpg 300w\" sizes=\"auto, (max-width: 362px) 100vw, 362px\" \/><\/a><figcaption id=\"caption-attachment-1095\" class=\"wp-caption-text\">Artisten Charlotte Audestad med singelen: Ikke gi d\u00e6 no, en hyllest til skil\u00f8peren Marit Bj\u00f8rgen april 2015. Foto: Thomas Karlsen, Karlsen Foto. Montasje: Charlotte Audestad<\/figcaption><\/figure>\n<figure id=\"attachment_111\" aria-describedby=\"caption-attachment-111\" style=\"width: 362px\" class=\"wp-caption aligncenter\"><a href=\"https:\/\/karlsenfoto.no\/wp-content\/uploads\/2015\/09\/konsert-2Unlimited-we-love-the-90s-Trondheim-080411.jpg\"><img loading=\"lazy\" decoding=\"async\" class=\"wp-image-111 \" title=\"Konsert med 2Unlimited under We Love the 90s i Trondheim 2011\" src=\"https:\/\/karlsenfoto.no\/wp-content\/uploads\/2015\/09\/konsert-2Unlimited-we-love-the-90s-Trondheim-080411-300x173.jpg\" alt=\"konsert 2Unlimited we love the 90s Trondheim 080411\" width=\"362\" height=\"209\" srcset=\"https:\/\/karlsenfoto.no\/wp-content\/uploads\/2015\/09\/konsert-2Unlimited-we-love-the-90s-Trondheim-080411-300x173.jpg 300w, https:\/\/karlsenfoto.no\/wp-content\/uploads\/2015\/09\/konsert-2Unlimited-we-love-the-90s-Trondheim-080411-1024x592.jpg 1024w, https:\/\/karlsenfoto.no\/wp-content\/uploads\/2015\/09\/konsert-2Unlimited-we-love-the-90s-Trondheim-080411.jpg 1600w\" sizes=\"auto, (max-width: 362px) 100vw, 362px\" \/><\/a><figcaption id=\"caption-attachment-111\" class=\"wp-caption-text\">Konsert med 2Unlimited under We Love the 90s i Trondheim 2011<\/figcaption><\/figure>\n<figure id=\"attachment_112\" aria-describedby=\"caption-attachment-112\" style=\"width: 282px\" class=\"wp-caption aligncenter\"><a href=\"https:\/\/karlsenfoto.no\/wp-content\/uploads\/2015\/09\/konsert-afgh-aisha-ser-i-kamera.jpg\"><img loading=\"lazy\" decoding=\"async\" class=\"wp-image-112 \" title=\"Latviske Aisha \" src=\"https:\/\/karlsenfoto.no\/wp-content\/uploads\/2015\/09\/konsert-afgh-aisha-ser-i-kamera-236x300.jpg\" alt=\"konsert afgh aisha ser i kamera!\" width=\"282\" height=\"358\" srcset=\"https:\/\/karlsenfoto.no\/wp-content\/uploads\/2015\/09\/konsert-afgh-aisha-ser-i-kamera-236x300.jpg 236w, https:\/\/karlsenfoto.no\/wp-content\/uploads\/2015\/09\/konsert-afgh-aisha-ser-i-kamera-806x1024.jpg 806w, https:\/\/karlsenfoto.no\/wp-content\/uploads\/2015\/09\/konsert-afgh-aisha-ser-i-kamera.jpg 1259w\" sizes=\"auto, (max-width: 282px) 100vw, 282px\" \/><\/a><figcaption id=\"caption-attachment-112\" class=\"wp-caption-text\">Latviske Aisha<\/figcaption><\/figure>\n<figure id=\"attachment_113\" aria-describedby=\"caption-attachment-113\" style=\"width: 362px\" class=\"wp-caption aligncenter\"><a href=\"https:\/\/karlsenfoto.no\/wp-content\/uploads\/2015\/09\/konsert-Carina-Dahl-MGP-150111.jpg\"><img loading=\"lazy\" decoding=\"async\" class=\"wp-image-113 \" title=\"Carina Dahl under semifinale MGP p\u00e5 \u00d8rlandet 2011\" src=\"https:\/\/karlsenfoto.no\/wp-content\/uploads\/2015\/09\/konsert-Carina-Dahl-MGP-150111-300x195.jpg\" alt=\"konsert Carina Dahl MGP 150111\" width=\"362\" height=\"235\" srcset=\"https:\/\/karlsenfoto.no\/wp-content\/uploads\/2015\/09\/konsert-Carina-Dahl-MGP-150111-300x195.jpg 300w, https:\/\/karlsenfoto.no\/wp-content\/uploads\/2015\/09\/konsert-Carina-Dahl-MGP-150111-1024x666.jpg 1024w, https:\/\/karlsenfoto.no\/wp-content\/uploads\/2015\/09\/konsert-Carina-Dahl-MGP-150111.jpg 1600w\" sizes=\"auto, (max-width: 362px) 100vw, 362px\" \/><\/a><figcaption id=\"caption-attachment-113\" class=\"wp-caption-text\">Carina Dahl under semifinale MGP p\u00e5 \u00d8rlandet 2011<\/figcaption><\/figure>\n<figure id=\"attachment_114\" aria-describedby=\"caption-attachment-114\" style=\"width: 265px\" class=\"wp-caption aligncenter\"><a href=\"https:\/\/karlsenfoto.no\/wp-content\/uploads\/2015\/09\/konsert-carina-dahl-tunge-250408.jpg\"><img loading=\"lazy\" decoding=\"async\" class=\"wp-image-114 \" title=\"Carina Dahl engasjert under konsert i 2008\" src=\"https:\/\/karlsenfoto.no\/wp-content\/uploads\/2015\/09\/konsert-carina-dahl-tunge-250408-201x300.jpg\" alt=\"konsert carina dahl tunge 250408\" width=\"265\" height=\"396\" srcset=\"https:\/\/karlsenfoto.no\/wp-content\/uploads\/2015\/09\/konsert-carina-dahl-tunge-250408-201x300.jpg 201w, https:\/\/karlsenfoto.no\/wp-content\/uploads\/2015\/09\/konsert-carina-dahl-tunge-250408-685x1024.jpg 685w, https:\/\/karlsenfoto.no\/wp-content\/uploads\/2015\/09\/konsert-carina-dahl-tunge-250408.jpg 1070w\" sizes=\"auto, (max-width: 265px) 100vw, 265px\" \/><\/a><figcaption id=\"caption-attachment-114\" class=\"wp-caption-text\">Carina Dahl engasjert under konsert i 2008<\/figcaption><\/figure>\n<figure id=\"attachment_115\" aria-describedby=\"caption-attachment-115\" style=\"width: 363px\" class=\"wp-caption aligncenter\"><a href=\"https:\/\/karlsenfoto.no\/wp-content\/uploads\/2015\/09\/konsert-dde-tilsk-armer-3004081.jpg\"><img loading=\"lazy\" decoding=\"async\" class=\"wp-image-115 \" title=\"DDE skaper stemning april 2008\" src=\"https:\/\/karlsenfoto.no\/wp-content\/uploads\/2015\/09\/konsert-dde-tilsk-armer-3004081-300x124.jpg\" alt=\"konsert dde tilsk armer! 300408\" width=\"363\" height=\"150\" srcset=\"https:\/\/karlsenfoto.no\/wp-content\/uploads\/2015\/09\/konsert-dde-tilsk-armer-3004081-300x124.jpg 300w, https:\/\/karlsenfoto.no\/wp-content\/uploads\/2015\/09\/konsert-dde-tilsk-armer-3004081-1024x422.jpg 1024w, https:\/\/karlsenfoto.no\/wp-content\/uploads\/2015\/09\/konsert-dde-tilsk-armer-3004081.jpg 1600w\" sizes=\"auto, (max-width: 363px) 100vw, 363px\" \/><\/a><figcaption id=\"caption-attachment-115\" class=\"wp-caption-text\">DDE skaper stemning april 2008<\/figcaption><\/figure>\n<figure id=\"attachment_116\" aria-describedby=\"caption-attachment-116\" style=\"width: 362px\" class=\"wp-caption aligncenter\"><a href=\"https:\/\/karlsenfoto.no\/wp-content\/uploads\/2015\/09\/konsert-Helene-Boksle-MGP-150111.jpg\"><img loading=\"lazy\" decoding=\"async\" class=\"wp-image-116 \" title=\"Helene B\u00f8ksle under MGP 2011\" src=\"https:\/\/karlsenfoto.no\/wp-content\/uploads\/2015\/09\/konsert-Helene-Boksle-MGP-150111-291x300.jpg\" alt=\"konsert Helene Boksle MGP 150111\" width=\"362\" height=\"374\" srcset=\"https:\/\/karlsenfoto.no\/wp-content\/uploads\/2015\/09\/konsert-Helene-Boksle-MGP-150111-291x300.jpg 291w, https:\/\/karlsenfoto.no\/wp-content\/uploads\/2015\/09\/konsert-Helene-Boksle-MGP-150111-992x1024.jpg 992w, https:\/\/karlsenfoto.no\/wp-content\/uploads\/2015\/09\/konsert-Helene-Boksle-MGP-150111.jpg 1550w\" sizes=\"auto, (max-width: 362px) 100vw, 362px\" \/><\/a><figcaption id=\"caption-attachment-116\" class=\"wp-caption-text\">Helene B\u00f8ksle under MGP 2011<\/figcaption><\/figure>\n<figure id=\"attachment_117\" aria-describedby=\"caption-attachment-117\" style=\"width: 363px\" class=\"wp-caption aligncenter\"><a href=\"https:\/\/karlsenfoto.no\/wp-content\/uploads\/2015\/09\/konsert-Russ-040507-084-dde-b\u00f8lge.jpg\"><img loading=\"lazy\" decoding=\"async\" class=\"wp-image-117 \" title=\"DDE tar b\u00f8lgen 2007\" src=\"https:\/\/karlsenfoto.no\/wp-content\/uploads\/2015\/09\/konsert-Russ-040507-084-dde-b\u00f8lge-300x166.jpg\" alt=\"konsert Russ 040507 084 dde b\u00f8lge\" width=\"363\" height=\"201\" srcset=\"https:\/\/karlsenfoto.no\/wp-content\/uploads\/2015\/09\/konsert-Russ-040507-084-dde-b\u00f8lge-300x166.jpg 300w, https:\/\/karlsenfoto.no\/wp-content\/uploads\/2015\/09\/konsert-Russ-040507-084-dde-b\u00f8lge-1024x566.jpg 1024w, https:\/\/karlsenfoto.no\/wp-content\/uploads\/2015\/09\/konsert-Russ-040507-084-dde-b\u00f8lge-672x372.jpg 672w, https:\/\/karlsenfoto.no\/wp-content\/uploads\/2015\/09\/konsert-Russ-040507-084-dde-b\u00f8lge-1038x576.jpg 1038w, https:\/\/karlsenfoto.no\/wp-content\/uploads\/2015\/09\/konsert-Russ-040507-084-dde-b\u00f8lge.jpg 1600w\" sizes=\"auto, (max-width: 363px) 100vw, 363px\" \/><\/a><figcaption id=\"caption-attachment-117\" class=\"wp-caption-text\">DDE tar b\u00f8lgen 2007<\/figcaption><\/figure>\n<figure id=\"attachment_118\" aria-describedby=\"caption-attachment-118\" style=\"width: 362px\" class=\"wp-caption aligncenter\"><a href=\"https:\/\/karlsenfoto.no\/wp-content\/uploads\/2015\/09\/konsert-Russ-150507-110-rygg-rygg.jpg\"><img loading=\"lazy\" decoding=\"async\" class=\"wp-image-118 \" title=\"Gitasristene rygg mot rygg\" src=\"https:\/\/karlsenfoto.no\/wp-content\/uploads\/2015\/09\/konsert-Russ-150507-110-rygg-rygg-298x300.jpg\" alt=\"konsert Russ 150507 110 rygg rygg!\" width=\"362\" height=\"364\" srcset=\"https:\/\/karlsenfoto.no\/wp-content\/uploads\/2015\/09\/konsert-Russ-150507-110-rygg-rygg-298x300.jpg 298w, https:\/\/karlsenfoto.no\/wp-content\/uploads\/2015\/09\/konsert-Russ-150507-110-rygg-rygg-150x150.jpg 150w, https:\/\/karlsenfoto.no\/wp-content\/uploads\/2015\/09\/konsert-Russ-150507-110-rygg-rygg-1019x1024.jpg 1019w, https:\/\/karlsenfoto.no\/wp-content\/uploads\/2015\/09\/konsert-Russ-150507-110-rygg-rygg.jpg 1514w\" sizes=\"auto, (max-width: 362px) 100vw, 362px\" \/><\/a><figcaption id=\"caption-attachment-118\" class=\"wp-caption-text\">Gitasristene rygg mot rygg<\/figcaption><\/figure>\n\n\n<div class=\"wp-block-image\"><figure class=\"aligncenter size-large is-resized\"><a href=\"https:\/\/karlsenfoto.no\/wp-content\/uploads\/2021\/06\/folk-artist-carina-dahl-stemning-150820-scaled.jpg\"><img loading=\"lazy\" decoding=\"async\" src=\"https:\/\/karlsenfoto.no\/wp-content\/uploads\/2021\/06\/folk-artist-carina-dahl-stemning-150820-1024x675.jpg\" alt=\"\" class=\"wp-image-1228\" width=\"374\" height=\"247\" srcset=\"https:\/\/karlsenfoto.no\/wp-content\/uploads\/2021\/06\/folk-artist-carina-dahl-stemning-150820-1024x675.jpg 1024w, https:\/\/karlsenfoto.no\/wp-content\/uploads\/2021\/06\/folk-artist-carina-dahl-stemning-150820-300x198.jpg 300w, https:\/\/karlsenfoto.no\/wp-content\/uploads\/2021\/06\/folk-artist-carina-dahl-stemning-150820-768x506.jpg 768w, https:\/\/karlsenfoto.no\/wp-content\/uploads\/2021\/06\/folk-artist-carina-dahl-stemning-150820-1536x1012.jpg 1536w, https:\/\/karlsenfoto.no\/wp-content\/uploads\/2021\/06\/folk-artist-carina-dahl-stemning-150820-2048x1349.jpg 2048w\" sizes=\"auto, (max-width: 374px) 100vw, 374px\" \/><\/a><\/figure><\/div>\n\n\n\n<div class=\"wp-block-image\"><figure class=\"aligncenter size-large is-resized\"><a href=\"https:\/\/karlsenfoto.no\/wp-content\/uploads\/2021\/06\/folk-artist-carina-dahl-150820-scaled.jpg\"><img loading=\"lazy\" decoding=\"async\" src=\"https:\/\/karlsenfoto.no\/wp-content\/uploads\/2021\/06\/folk-artist-carina-dahl-150820-1024x686.jpg\" alt=\"\" class=\"wp-image-1232\" width=\"375\" height=\"251\" srcset=\"https:\/\/karlsenfoto.no\/wp-content\/uploads\/2021\/06\/folk-artist-carina-dahl-150820-1024x686.jpg 1024w, https:\/\/karlsenfoto.no\/wp-content\/uploads\/2021\/06\/folk-artist-carina-dahl-150820-300x201.jpg 300w, https:\/\/karlsenfoto.no\/wp-content\/uploads\/2021\/06\/folk-artist-carina-dahl-150820-768x515.jpg 768w, https:\/\/karlsenfoto.no\/wp-content\/uploads\/2021\/06\/folk-artist-carina-dahl-150820-1536x1030.jpg 1536w, https:\/\/karlsenfoto.no\/wp-content\/uploads\/2021\/06\/folk-artist-carina-dahl-150820-2048x1373.jpg 2048w\" sizes=\"auto, (max-width: 375px) 100vw, 375px\" \/><\/a><figcaption>Carina Dahl<\/figcaption><\/figure><\/div>\n\n\n\n<div class=\"wp-block-image\"><figure class=\"aligncenter size-large is-resized\"><a href=\"https:\/\/karlsenfoto.no\/wp-content\/uploads\/2021\/06\/folk-artist-kizz-280619-2-scaled.jpg\"><img loading=\"lazy\" decoding=\"async\" src=\"https:\/\/karlsenfoto.no\/wp-content\/uploads\/2021\/06\/folk-artist-kizz-280619-2-1024x479.jpg\" alt=\"\" class=\"wp-image-1234\" width=\"374\" height=\"174\" srcset=\"https:\/\/karlsenfoto.no\/wp-content\/uploads\/2021\/06\/folk-artist-kizz-280619-2-1024x479.jpg 1024w, https:\/\/karlsenfoto.no\/wp-content\/uploads\/2021\/06\/folk-artist-kizz-280619-2-300x140.jpg 300w, https:\/\/karlsenfoto.no\/wp-content\/uploads\/2021\/06\/folk-artist-kizz-280619-2-768x359.jpg 768w, https:\/\/karlsenfoto.no\/wp-content\/uploads\/2021\/06\/folk-artist-kizz-280619-2-1536x718.jpg 1536w, https:\/\/karlsenfoto.no\/wp-content\/uploads\/2021\/06\/folk-artist-kizz-280619-2-2048x957.jpg 2048w\" sizes=\"auto, (max-width: 374px) 100vw, 374px\" \/><\/a><figcaption>Kizz<\/figcaption><\/figure><\/div>\n\n\n\n<div class=\"wp-block-image\"><figure class=\"aligncenter size-large is-resized\"><a href=\"https:\/\/karlsenfoto.no\/wp-content\/uploads\/2021\/06\/folk-artist-kizz-280619-scaled.jpg\"><img loading=\"lazy\" decoding=\"async\" src=\"https:\/\/karlsenfoto.no\/wp-content\/uploads\/2021\/06\/folk-artist-kizz-280619-831x1024.jpg\" alt=\"\" class=\"wp-image-1236\" width=\"372\" height=\"458\" srcset=\"https:\/\/karlsenfoto.no\/wp-content\/uploads\/2021\/06\/folk-artist-kizz-280619-831x1024.jpg 831w, https:\/\/karlsenfoto.no\/wp-content\/uploads\/2021\/06\/folk-artist-kizz-280619-244x300.jpg 244w, https:\/\/karlsenfoto.no\/wp-content\/uploads\/2021\/06\/folk-artist-kizz-280619-768x946.jpg 768w, https:\/\/karlsenfoto.no\/wp-content\/uploads\/2021\/06\/folk-artist-kizz-280619-1247x1536.jpg 1247w, https:\/\/karlsenfoto.no\/wp-content\/uploads\/2021\/06\/folk-artist-kizz-280619-1663x2048.jpg 1663w\" sizes=\"auto, (max-width: 372px) 100vw, 372px\" \/><\/a><figcaption>Kizz<\/figcaption><\/figure><\/div>\n\n\n\n<div class=\"wp-block-image\"><figure class=\"aligncenter size-large is-resized\"><a href=\"https:\/\/karlsenfoto.no\/wp-content\/uploads\/2021\/06\/folk-artist-Mira-Craig-180212-scaled.jpg\"><img loading=\"lazy\" decoding=\"async\" src=\"https:\/\/karlsenfoto.no\/wp-content\/uploads\/2021\/06\/folk-artist-Mira-Craig-180212-1024x701.jpg\" alt=\"\" class=\"wp-image-1238\" width=\"384\" height=\"263\" srcset=\"https:\/\/karlsenfoto.no\/wp-content\/uploads\/2021\/06\/folk-artist-Mira-Craig-180212-1024x701.jpg 1024w, https:\/\/karlsenfoto.no\/wp-content\/uploads\/2021\/06\/folk-artist-Mira-Craig-180212-300x205.jpg 300w, https:\/\/karlsenfoto.no\/wp-content\/uploads\/2021\/06\/folk-artist-Mira-Craig-180212-768x526.jpg 768w, https:\/\/karlsenfoto.no\/wp-content\/uploads\/2021\/06\/folk-artist-Mira-Craig-180212-1536x1051.jpg 1536w, https:\/\/karlsenfoto.no\/wp-content\/uploads\/2021\/06\/folk-artist-Mira-Craig-180212-2048x1401.jpg 2048w\" sizes=\"auto, (max-width: 384px) 100vw, 384px\" \/><\/a><figcaption>Mira Craig<\/figcaption><\/figure><\/div>\n","protected":false},"excerpt":{"rendered":"","protected":false},"author":1,"featured_media":0,"parent":360,"menu_order":4,"comment_status":"closed","ping_status":"closed","template":"","meta":{"footnotes":""},"class_list":["post-110","page","type-page","status-publish","hentry"],"_links":{"self":[{"href":"https:\/\/karlsenfoto.no\/index.php?rest_route=\/wp\/v2\/pages\/110","targetHints":{"allow":["GET"]}}],"collection":[{"href":"https:\/\/karlsenfoto.no\/index.php?rest_route=\/wp\/v2\/pages"}],"about":[{"href":"https:\/\/karlsenfoto.no\/index.php?rest_route=\/wp\/v2\/types\/page"}],"author":[{"embeddable":true,"href":"https:\/\/karlsenfoto.no\/index.php?rest_route=\/wp\/v2\/users\/1"}],"replies":[{"embeddable":true,"href":"https:\/\/karlsenfoto.no\/index.php?rest_route=%2Fwp%2Fv2%2Fcomments&post=110"}],"version-history":[{"count":11,"href":"https:\/\/karlsenfoto.no\/index.php?rest_route=\/wp\/v2\/pages\/110\/revisions"}],"predecessor-version":[{"id":1239,"href":"https:\/\/karlsenfoto.no\/index.php?rest_route=\/wp\/v2\/pages\/110\/revisions\/1239"}],"up":[{"embeddable":true,"href":"https:\/\/karlsenfoto.no\/index.php?rest_route=\/wp\/v2\/pages\/360"}],"wp:attachment":[{"href":"https:\/\/karlsenfoto.no\/index.php?rest_route=%2Fwp%2Fv2%2Fmedia&parent=110"}],"curies":[{"name":"wp","href":"https:\/\/api.w.org\/{rel}","templated":true}]}}